{"id":2614,"date":"2019-08-28T20:38:40","date_gmt":"2019-08-28T18:38:40","guid":{"rendered":"http:\/\/foradcamp.com\/es\/?page_id=2614"},"modified":"2021-08-24T22:37:26","modified_gmt":"2021-08-24T20:37:26","slug":"fdc-kids-2019","status":"publish","type":"page","link":"https:\/\/foradcamp.com\/es\/fdc-kids-2019\/","title":{"rendered":"ForadCamp Kids 2019"},"content":{"rendered":"<h5><strong>VIII Muestra de Cine y Naturaleza 2019<\/strong><\/h5>\n<h5><strong> Secci\u00f3n Fora<em>d<\/em>Camp Kids<\/strong><\/h5>\n<p><iframe loading=\"lazy\" style=\"border: 1px solid #77787a;\" src=\"https:\/\/player.vimeo.com\/video\/360217007?byline=0&amp;portrait=0\" width=\"640\" height=\"360\" frameborder=\"0\" allowfullscreen=\"allowfullscreen\"><span data-mce-type=\"bookmark\" style=\"display: inline-block; width: 0px; overflow: hidden; line-height: 0;\" class=\"mce_SELRES_start\">\ufeff<\/span><span data-mce-type=\"bookmark\" style=\"display: inline-block; width: 0px; overflow: hidden; line-height: 0;\" class=\"mce_SELRES_start\">\ufeff<\/span><span data-mce-type=\"bookmark\" style=\"display: inline-block; width: 0px; overflow: hidden; line-height: 0;\" class=\"mce_SELRES_start\">\ufeff<\/span><span style=\"display: inline-block; width: 0px; overflow: hidden; line-height: 0;\" data-mce-type=\"bookmark\" class=\"mce_SELRES_start\">\ufeff<\/span><span style=\"display: inline-block; width: 0px; overflow: hidden; line-height: 0;\" data-mce-type=\"bookmark\" class=\"mce_SELRES_start\">\ufeff<\/span><span style=\"display: inline-block; width: 0px; overflow: hidden; line-height: 0;\" data-mce-type=\"bookmark\" class=\"mce_SELRES_start\">\ufeff<\/span><span style=\"display: inline-block; width: 0px; overflow: hidden; line-height: 0;\" data-mce-type=\"bookmark\" class=\"mce_SELRES_start\">\ufeff<\/span><span style=\"display: inline-block; width: 0px; overflow: hidden; line-height: 0;\" data-mce-type=\"bookmark\" class=\"mce_SELRES_start\">\ufeff<\/span><\/iframe><\/p>\n<p>&nbsp;<\/p>\n<p class=\"p1\"><b><i>Amintiri din copila\u0306rie <\/i><\/b><i>(<\/i><b><i>Recuerdos de infancia<\/i><\/b><i>)<\/i>, Mathieu Le Lay (Francia, 2018, 11\u2019)<\/p>\n<p><img loading=\"lazy\" decoding=\"async\" class=\"alignleft wp-image-2182 \" src=\"http:\/\/foradcamp.com\/wp-content\/uploads\/2019\/08\/Amintiri-din-copilarie-330x186.jpg\" alt=\"\" width=\"330\" height=\"186\" \/><\/p>\n<p>&nbsp;<\/p>\n<p>Cada verano, Cata, Rares y Robert pasan sus vacaciones en la casa de su abuela en las salvajes monta\u00f1as de los C\u00e1rpatos de Rumania, con una imaginaci\u00f3n incre\u00edble para crear y descubrir belleza incluso en el rinc\u00f3n m\u00e1s peque\u00f1o de lo salvaje.<\/p>\n<p>&nbsp;<\/p>\n<p>&nbsp;<\/p>\n<p class=\"p1\"><b><i>Big booom<\/i><\/b>, Marat Narimanov (Rusia, 2017, 4\u2019)<\/p>\n<p><img loading=\"lazy\" decoding=\"async\" class=\"alignleft wp-image-2182 \" src=\"http:\/\/foradcamp.com\/wp-content\/uploads\/2019\/08\/Big-boom-330x184.jpg\" alt=\"\" width=\"330\" height=\"186\" \/><\/p>\n<p>&nbsp;<\/p>\n<p>La historia de la humanidad y de nuestro planeta en cuatro minutos. Una declaraci\u00f3n ecol\u00f3gica desarrollada en una sola toma que tiene humor, acci\u00f3n y tragedia.<\/p>\n<p><a href=\"https:\/\/vimeo.com\/224194200\" target=\"_blank\" rel=\"noopener\"><strong>+ ver trailer<\/strong><\/a><\/p>\n<p>&nbsp;<\/p>\n<p>&nbsp;<\/p>\n<p class=\"p1\"><b><i>Catastrophe<\/i><\/b>, Jamille van Wijngaarden (Pa\u00edses Bajos, 2017, 2\u2019)<\/p>\n<p><img loading=\"lazy\" decoding=\"async\" class=\"alignleft wp-image-2182 \" src=\"http:\/\/foradcamp.com\/wp-content\/uploads\/2019\/08\/Catastrophe-330x178.jpg\" alt=\"\" width=\"330\" height=\"178\" \/><br \/>\nCuando un pajarito cae muerto repentinamente en su jaula, todos los ojos se ponen en el gato. Desesperadamente, trata de hacerlo todo bien otra vez, pero en realidad lo empeora todo.<\/p>\n<p><a href=\"https:\/\/vimeo.com\/226298100\" target=\"_blank\" rel=\"noopener\"><strong>+ ver trailer<\/strong><\/a><\/p>\n<p>&nbsp;<\/p>\n<p>&nbsp;<\/p>\n<p class=\"p1\"><strong><em>City of Memories<\/em><\/strong>, Signe Tveitan (Dinamarca, 2017, 5\u2019)<\/p>\n<p><img loading=\"lazy\" decoding=\"async\" class=\"alignleft wp-image-2550 \" src=\"http:\/\/foradcamp.com\/wp-content\/uploads\/2019\/08\/City-of-Memories-330x183.jpg\" alt=\"\" width=\"330\" height=\"183\" \/><\/p>\n<p>&nbsp;<\/p>\n<p>En el desierto hay una ciudad misteriosa donde las vidas pasadas se pueden ver dentro de un\u00a0polvo rosa que llena las calles. Una chica hu\u00e9rfana revive el recuerdo de su madre. Cuando hace un nuevo amigo, se enfrenta a una decisi\u00f3n: seguir viviendo en el pasado o ser libre.<\/p>\n<p>&nbsp;<\/p>\n<p>&nbsp;<\/p>\n<p class=\"p1\"><b><em>Crab Story<\/em><\/b>, Tatiana Poliektova, Filippo Rivetti (Rusia-Australia, 2017, 4\u2019)<\/p>\n<p><img loading=\"lazy\" decoding=\"async\" class=\"alignleft wp-image-2552 \" src=\"http:\/\/foradcamp.com\/wp-content\/uploads\/2019\/08\/crabsory_1-1024x576.jpg\" alt=\"\" width=\"329\" height=\"185\" \/><\/p>\n<p>&nbsp;<\/p>\n<p>\u00bfQu\u00e9 podr\u00eda pasar si un cangrejo se encuentra una pi\u00f1a en la playa?<\/p>\n<p><a href=\"https:\/\/vimeo.com\/203324016\" target=\"_blank\" rel=\"noopener\"><strong>+ ver trailer<\/strong><\/a><\/p>\n<p>&nbsp;<\/p>\n<p>&nbsp;<\/p>\n<p>&nbsp;<\/p>\n<p><em><b>Den F\u00f8rste Fjer <\/b>(<strong>La primera pluma<\/strong>),<\/em> Sine Juhl (Dinamarca, 2017, 4\u2019)<\/p>\n<p><img loading=\"lazy\" decoding=\"async\" class=\"alignleft wp-image-2555 \" src=\"http:\/\/foradcamp.com\/wp-content\/uploads\/2019\/08\/dinos-pluma.jpg\" alt=\"\" width=\"330\" height=\"181\" \/><\/p>\n<p>&nbsp;<\/p>\n<p>Una historia sobre la evoluci\u00f3n de la vida y la aceptaci\u00f3n, hecha con <em>stop-motion<\/em>. Narra la lucha del primer dinosaurio que nace con plumas para ser aceptado por los otros dinosaurios.<\/p>\n<p>&nbsp;<\/p>\n<p>&nbsp;<\/p>\n<p>&nbsp;<\/p>\n<p class=\"p1\"><em><b>Florigami,<\/b><\/em> Iva \u0106iri\u0107 (Croacia -Serbia, 2019, 5\u2019)<\/p>\n<p><img loading=\"lazy\" decoding=\"async\" class=\"alignleft wp-image-2556 \" src=\"http:\/\/foradcamp.com\/wp-content\/uploads\/2019\/08\/ref-FOTOFLORIGAMI_1_small-1024x576.jpg\" alt=\"\" width=\"330\" height=\"185\" \/><\/p>\n<p>&nbsp;<\/p>\n<p>Una flor blanca solitaria crece rodeada por otras plantas y cada d\u00eda lucha para sobrevivir.<\/p>\n<p>&nbsp;<\/p>\n<p>&nbsp;<\/p>\n<p>&nbsp;<\/p>\n<p class=\"p1\"><em><b>Fly away<\/b><\/em>, Isaac King\u00a0 (Canad\u00e1, 2017, 4\u2019)<\/p>\n<p><img loading=\"lazy\" decoding=\"async\" class=\"alignleft wp-image-2573 \" src=\"http:\/\/foradcamp.com\/wp-content\/uploads\/2019\/08\/fly2.jpg\" alt=\"\" width=\"330\" height=\"184\" \/><br \/>\nAnclada en el fondo del oc\u00e9ano, un alga marina anhela volar. Su sue\u00f1o se hace realidad en esta historia sobre los riesgos del cambio.<\/p>\n<p><a href=\"https:\/\/vimeo.com\/241456581\" target=\"_blank\" rel=\"noopener\"><strong>+ ver trailer<\/strong><\/a><\/p>\n<p>&nbsp;<\/p>\n<p>&nbsp;<\/p>\n<p>&nbsp;<\/p>\n<p class=\"p1\"><em><b>La secta de los insectos,<\/b><\/em> Pablo Calvillo\u00a0 (M\u00e9xico, 2016, 10\u2019)<\/p>\n<p><img loading=\"lazy\" decoding=\"async\" class=\"alignleft wp-image-2561 \" src=\"http:\/\/foradcamp.com\/wp-content\/uploads\/2019\/08\/secta06.jpg\" alt=\"\" width=\"330\" height=\"185\" \/><\/p>\n<p>&nbsp;<\/p>\n<p>En un futuro dist\u00f3pico los libros fueron confiscados para quemarlos y generar energ\u00eda. El joven Pikes, miembro de un grupo clandestino conocido como La Secta de los Insectos, mientras lucha por proteger los pocos libros existentes, acaba descubriendo algo m\u00e1s importante: papel, tinta y literatura.<\/p>\n<p><a href=\"https:\/\/vimeo.com\/221456317\" target=\"_blank\" rel=\"noopener\"><strong>+ ver trailer<\/strong><\/a><\/p>\n<p>&nbsp;<\/p>\n<p class=\"p1\"><b><em>Our Wonderful Nature &#8211; The Common Chameleon<\/em>,<\/b> Tomer Eshed\u00a0 (Alemania, 2016, 4\u2019)<\/p>\n<p><img loading=\"lazy\" decoding=\"async\" class=\"alignleft wp-image-2564 \" src=\"http:\/\/foradcamp.com\/wp-content\/uploads\/2019\/08\/Bumblebees_150dpi-1024x576.jpg\" alt=\"\" width=\"330\" height=\"185\" \/><\/p>\n<p>&nbsp;<\/p>\n<p>Los h\u00e1bitos de alimentaci\u00f3n del camale\u00f3n com\u00fan como nunca se han visto.<\/p>\n<p><a href=\"https:\/\/www.youtube.com\/watch?v=kad9iVuTsAQ\" target=\"_blank\" rel=\"noopener\"><strong>+ ver trailer<\/strong><\/a><\/p>\n<p>&nbsp;<\/p>\n<p>&nbsp;<\/p>\n<p>&nbsp;<\/p>\n<p class=\"p1\"><em><b>Peix al forn<\/b><\/em>, Guillem Mir\u00f3, (Espa\u00f1a, 2018, 4\u2019)<\/p>\n<p><img loading=\"lazy\" decoding=\"async\" class=\"alignleft wp-image-2567 \" src=\"http:\/\/foradcamp.com\/wp-content\/uploads\/2019\/08\/peix4-copy.jpg\" alt=\"\" width=\"330\" height=\"185\" \/><\/p>\n<p>&nbsp;<\/p>\n<p>Receta t\u00edpica mediterr\u00e1nea cocinada de manera cr\u00edtica.<\/p>\n<p><a href=\"https:\/\/vimeo.com\/333708909\" target=\"_blank\" rel=\"noopener\"><strong>+ ver trailer<\/strong><\/a><\/p>\n<p>&nbsp;<\/p>\n<p>&nbsp;<\/p>\n<p>&nbsp;<\/p>\n<p class=\"p1\"><b><em>Plantae<\/em>,<\/b> Guilherme Gehr (Brasil, 2017, 10\u2019)<\/p>\n<p><img loading=\"lazy\" decoding=\"async\" class=\"alignleft wp-image-2572 \" src=\"http:\/\/foradcamp.com\/wp-content\/uploads\/2019\/08\/PLANTAE_2.jpg\" alt=\"\" width=\"330\" height=\"185\" \/><\/p>\n<p>&nbsp;<\/p>\n<p>Al talar un \u00e1rbol masivo en el interior de la selva, un maderero contempla una reacci\u00f3n inesperada de la naturaleza. Una visi\u00f3n de las consecuencias irreversibles de la deforestaci\u00f3n y la subyugaci\u00f3n de los hombres ante el resto de los seres de la Tierra.<\/p>\n<p><a href=\"https:\/\/www.youtube.com\/watch?v=dGWCJ-cnIYw\" target=\"_blank\" rel=\"noopener\"><strong>+ ver trailer<\/strong><\/a><\/p>\n<p>&nbsp;<\/p>\n<p class=\"p1\"><em><b>Quma y las bestias<\/b>,<\/em> Ivan Stur, Javier Luna Cook (Argentina, 2019, 10\u2019)<\/p>\n<p><img loading=\"lazy\" decoding=\"async\" class=\"alignleft wp-image-2578 \" src=\"http:\/\/foradcamp.com\/wp-content\/uploads\/2019\/08\/Quma-y-las-Bestias_Still_330x186.jpg\" alt=\"\" width=\"330\" height=\"186\" \/><br \/>\nHace 12.000 a\u00f1os en Sudam\u00e9rica, un ni\u00f1o llamado Quma, impulsado por la curiosidad y el \u00e1nimo de volverse cazador, se pierde en el monte y encuentra mam\u00edferos gigantes y un mundo totalmente nuevo para \u00e9l.<\/p>\n<p><a href=\"https:\/\/www.youtube.com\/watch?v=6aJLfKb5TDQ&amp;t=3s\" target=\"_blank\" rel=\"noopener\"><strong>+ ver trailer<\/strong><\/a><\/p>\n<p>&nbsp;<\/p>\n<p>&nbsp;<\/p>\n<p class=\"p1\"><em><b>Sun Cream,<\/b><\/em> Aylin G\u00f6kmen (Suiza &#8211; Hungr\u00eda, 2017, 9\u2019)<\/p>\n<p><img loading=\"lazy\" decoding=\"async\" class=\"alignleft wp-image-2581 \" src=\"http:\/\/foradcamp.com\/wp-content\/uploads\/2019\/08\/sun-cream2-1024x568.jpg\" alt=\"\" width=\"330\" height=\"185\" \/><\/p>\n<p>&nbsp;<\/p>\n<p>Una excursi\u00f3n al bosque perdido de la infancia.<\/p>\n<p><a href=\"https:\/\/www.youtube.com\/watch?v=lkJTUrujG6U\" target=\"_blank\" rel=\"noopener\"><strong>+ ver trailer<\/strong><\/a><\/p>\n<p>&nbsp;<\/p>\n<p>&nbsp;<\/p>\n<p>&nbsp;<\/p>\n<p class=\"p1\"><em><b>Thermostat 6<\/b><\/em>, Maya Avron, Myl\u00e8ne Cominotti, Marion Coudert, Sixtine Dano (Francia, 2018, 5&#8242;)<\/p>\n<p><img loading=\"lazy\" decoding=\"async\" class=\"alignleft wp-image-2582 \" src=\"http:\/\/foradcamp.com\/wp-content\/uploads\/2019\/08\/Thermostat-330x186.jpg\" alt=\"\" width=\"330\" height=\"186\" \/><br \/>\nDiane no puede ignorar m\u00e1s la filtraci\u00f3n que proviene el techo por encima de la cena familiar.<\/p>\n<p>&nbsp;<\/p>\n<p>&nbsp;<\/p>\n<p>&nbsp;<\/p>\n<p>&nbsp;<\/p>\n<p class=\"p1\"><em><b>Tierra sin mal<\/b>,<\/em> Katalin Egely (Hungr\u00eda -Argentina, 2017, 4&#8242;)<\/p>\n<p><img loading=\"lazy\" decoding=\"async\" class=\"alignleft wp-image-2584 \" src=\"http:\/\/foradcamp.com\/wp-content\/uploads\/2019\/08\/land_without_evil_still_04-1024x576.jpg\" alt=\"\" width=\"330\" height=\"185\" \/><br \/>\nA trav\u00e9s de la historia, las personas siempre han estado buscando un lugar perfecto. Este cortometraje, basado en la mitolog\u00eda Guaran\u00ed (Tierra sin mal), ofrece otro punto de vista del para\u00edso: \u00bfY si el para\u00edso real est\u00e1 dentro de nosotros y vive en armon\u00eda y unidad?<\/p>\n<p><a href=\"https:\/\/vimeo.com\/216471868\" target=\"_blank\" rel=\"noopener\"><strong>+ ver trailer<\/strong><\/a><\/p>\n<p>&nbsp;<\/p>\n<p><span style=\"color: #ffffff;\">.<\/span><\/p>\n","protected":false},"excerpt":{"rendered":"<p>VIII Muestra de Cine y Naturaleza 2019 Secci\u00f3n ForadCamp Kids \ufeff\ufeff\ufeff\ufeff\ufeff\ufeff\ufeff\ufeff &nbsp; Amintiri din copila\u0306rie (Recuerdos de infancia), Mathieu Le Lay (Francia, 2018, 11\u2019) &nbsp; Cada verano, Cata, Rares y Robert pasan sus vacaciones en la casa de su abuela en las salvajes monta\u00f1as de los C\u00e1rpatos de Rumania, con una imaginaci\u00f3n incre\u00edble para crear&hellip;<a href=\"https:\/\/foradcamp.com\/es\/fdc-kids-2019\/\" class=\"button\">Read more <span class=\"screen-reader-text\">ForadCamp Kids 2019<\/span><\/a><\/p>\n","protected":false},"author":1,"featured_media":0,"parent":0,"menu_order":0,"comment_status":"closed","ping_status":"closed","template":"","meta":{"footnotes":""},"class_list":["post-2614","page","type-page","status-publish","hentry"],"yoast_head":"<!-- This site is optimized with the Yoast SEO plugin v23.5 - https:\/\/yoast.com\/wordpress\/plugins\/seo\/ -->\n<title>ForadCamp Kids 2019 - Muestra Foradcamp<\/title>\n<meta name=\"robots\" content=\"index, follow, max-snippet:-1, max-image-preview:large, max-video-preview:-1\" \/>\n<link rel=\"canonical\" href=\"https:\/\/foradcamp.com\/es\/fdc-kids-2019\/\" \/>\n<meta property=\"og:locale\" content=\"es_ES\" \/>\n<meta property=\"og:type\" content=\"article\" \/>\n<meta property=\"og:title\" content=\"ForadCamp Kids 2019 - Muestra Foradcamp\" \/>\n<meta property=\"og:description\" content=\"VIII Muestra de Cine y Naturaleza 2019 Secci\u00f3n ForadCamp Kids \ufeff\ufeff\ufeff\ufeff\ufeff\ufeff\ufeff\ufeff &nbsp; Amintiri din copila\u0306rie (Recuerdos de infancia), Mathieu Le Lay (Francia, 2018, 11\u2019) &nbsp; Cada verano, Cata, Rares y Robert pasan sus vacaciones en la casa de su abuela en las salvajes monta\u00f1as de los C\u00e1rpatos de Rumania, con una imaginaci\u00f3n incre\u00edble para crear&hellip;Read more ForadCamp Kids 2019\" \/>\n<meta property=\"og:url\" content=\"https:\/\/foradcamp.com\/es\/fdc-kids-2019\/\" \/>\n<meta property=\"og:site_name\" content=\"Muestra Foradcamp\" \/>\n<meta property=\"article:modified_time\" content=\"2021-08-24T20:37:26+00:00\" \/>\n<meta property=\"og:image\" content=\"http:\/\/foradcamp.com\/wp-content\/uploads\/2019\/08\/Amintiri-din-copilarie-330x186.jpg\" \/>\n<meta name=\"twitter:card\" content=\"summary_large_image\" \/>\n<meta name=\"twitter:label1\" content=\"Tiempo de lectura\" \/>\n\t<meta name=\"twitter:data1\" content=\"3 minutos\" \/>\n<script type=\"application\/ld+json\" class=\"yoast-schema-graph\">{\"@context\":\"https:\/\/schema.org\",\"@graph\":[{\"@type\":\"WebPage\",\"@id\":\"https:\/\/foradcamp.com\/es\/fdc-kids-2019\/\",\"url\":\"https:\/\/foradcamp.com\/es\/fdc-kids-2019\/\",\"name\":\"ForadCamp Kids 2019 - Muestra Foradcamp\",\"isPartOf\":{\"@id\":\"https:\/\/foradcamp.com\/es\/#website\"},\"primaryImageOfPage\":{\"@id\":\"https:\/\/foradcamp.com\/es\/fdc-kids-2019\/#primaryimage\"},\"image\":{\"@id\":\"https:\/\/foradcamp.com\/es\/fdc-kids-2019\/#primaryimage\"},\"thumbnailUrl\":\"http:\/\/foradcamp.com\/wp-content\/uploads\/2019\/08\/Amintiri-din-copilarie-330x186.jpg\",\"datePublished\":\"2019-08-28T18:38:40+00:00\",\"dateModified\":\"2021-08-24T20:37:26+00:00\",\"breadcrumb\":{\"@id\":\"https:\/\/foradcamp.com\/es\/fdc-kids-2019\/#breadcrumb\"},\"inLanguage\":\"es\",\"potentialAction\":[{\"@type\":\"ReadAction\",\"target\":[\"https:\/\/foradcamp.com\/es\/fdc-kids-2019\/\"]}]},{\"@type\":\"ImageObject\",\"inLanguage\":\"es\",\"@id\":\"https:\/\/foradcamp.com\/es\/fdc-kids-2019\/#primaryimage\",\"url\":\"http:\/\/foradcamp.com\/wp-content\/uploads\/2019\/08\/Amintiri-din-copilarie-330x186.jpg\",\"contentUrl\":\"http:\/\/foradcamp.com\/wp-content\/uploads\/2019\/08\/Amintiri-din-copilarie-330x186.jpg\"},{\"@type\":\"BreadcrumbList\",\"@id\":\"https:\/\/foradcamp.com\/es\/fdc-kids-2019\/#breadcrumb\",\"itemListElement\":[{\"@type\":\"ListItem\",\"position\":1,\"name\":\"Portada\",\"item\":\"https:\/\/foradcamp.com\/es\/\"},{\"@type\":\"ListItem\",\"position\":2,\"name\":\"ForadCamp Kids 2019\"}]},{\"@type\":\"WebSite\",\"@id\":\"https:\/\/foradcamp.com\/es\/#website\",\"url\":\"https:\/\/foradcamp.com\/es\/\",\"name\":\"Muestra Foradcamp\",\"description\":\"Muestra de Cine y Naturaleza\",\"potentialAction\":[{\"@type\":\"SearchAction\",\"target\":{\"@type\":\"EntryPoint\",\"urlTemplate\":\"https:\/\/foradcamp.com\/es\/?s={search_term_string}\"},\"query-input\":{\"@type\":\"PropertyValueSpecification\",\"valueRequired\":true,\"valueName\":\"search_term_string\"}}],\"inLanguage\":\"es\"}]}<\/script>\n<!-- \/ Yoast SEO plugin. -->","yoast_head_json":{"title":"ForadCamp Kids 2019 - Muestra Foradcamp","robots":{"index":"index","follow":"follow","max-snippet":"max-snippet:-1","max-image-preview":"max-image-preview:large","max-video-preview":"max-video-preview:-1"},"canonical":"https:\/\/foradcamp.com\/es\/fdc-kids-2019\/","og_locale":"es_ES","og_type":"article","og_title":"ForadCamp Kids 2019 - Muestra Foradcamp","og_description":"VIII Muestra de Cine y Naturaleza 2019 Secci\u00f3n ForadCamp Kids \ufeff\ufeff\ufeff\ufeff\ufeff\ufeff\ufeff\ufeff &nbsp; Amintiri din copila\u0306rie (Recuerdos de infancia), Mathieu Le Lay (Francia, 2018, 11\u2019) &nbsp; Cada verano, Cata, Rares y Robert pasan sus vacaciones en la casa de su abuela en las salvajes monta\u00f1as de los C\u00e1rpatos de Rumania, con una imaginaci\u00f3n incre\u00edble para crear&hellip;Read more ForadCamp Kids 2019","og_url":"https:\/\/foradcamp.com\/es\/fdc-kids-2019\/","og_site_name":"Muestra Foradcamp","article_modified_time":"2021-08-24T20:37:26+00:00","og_image":[{"url":"http:\/\/foradcamp.com\/wp-content\/uploads\/2019\/08\/Amintiri-din-copilarie-330x186.jpg"}],"twitter_card":"summary_large_image","twitter_misc":{"Tiempo de lectura":"3 minutos"},"schema":{"@context":"https:\/\/schema.org","@graph":[{"@type":"WebPage","@id":"https:\/\/foradcamp.com\/es\/fdc-kids-2019\/","url":"https:\/\/foradcamp.com\/es\/fdc-kids-2019\/","name":"ForadCamp Kids 2019 - Muestra Foradcamp","isPartOf":{"@id":"https:\/\/foradcamp.com\/es\/#website"},"primaryImageOfPage":{"@id":"https:\/\/foradcamp.com\/es\/fdc-kids-2019\/#primaryimage"},"image":{"@id":"https:\/\/foradcamp.com\/es\/fdc-kids-2019\/#primaryimage"},"thumbnailUrl":"http:\/\/foradcamp.com\/wp-content\/uploads\/2019\/08\/Amintiri-din-copilarie-330x186.jpg","datePublished":"2019-08-28T18:38:40+00:00","dateModified":"2021-08-24T20:37:26+00:00","breadcrumb":{"@id":"https:\/\/foradcamp.com\/es\/fdc-kids-2019\/#breadcrumb"},"inLanguage":"es","potentialAction":[{"@type":"ReadAction","target":["https:\/\/foradcamp.com\/es\/fdc-kids-2019\/"]}]},{"@type":"ImageObject","inLanguage":"es","@id":"https:\/\/foradcamp.com\/es\/fdc-kids-2019\/#primaryimage","url":"http:\/\/foradcamp.com\/wp-content\/uploads\/2019\/08\/Amintiri-din-copilarie-330x186.jpg","contentUrl":"http:\/\/foradcamp.com\/wp-content\/uploads\/2019\/08\/Amintiri-din-copilarie-330x186.jpg"},{"@type":"BreadcrumbList","@id":"https:\/\/foradcamp.com\/es\/fdc-kids-2019\/#breadcrumb","itemListElement":[{"@type":"ListItem","position":1,"name":"Portada","item":"https:\/\/foradcamp.com\/es\/"},{"@type":"ListItem","position":2,"name":"ForadCamp Kids 2019"}]},{"@type":"WebSite","@id":"https:\/\/foradcamp.com\/es\/#website","url":"https:\/\/foradcamp.com\/es\/","name":"Muestra Foradcamp","description":"Muestra de Cine y Naturaleza","potentialAction":[{"@type":"SearchAction","target":{"@type":"EntryPoint","urlTemplate":"https:\/\/foradcamp.com\/es\/?s={search_term_string}"},"query-input":{"@type":"PropertyValueSpecification","valueRequired":true,"valueName":"search_term_string"}}],"inLanguage":"es"}]}},"_links":{"self":[{"href":"https:\/\/foradcamp.com\/es\/wp-json\/wp\/v2\/pages\/2614","targetHints":{"allow":["GET"]}}],"collection":[{"href":"https:\/\/foradcamp.com\/es\/wp-json\/wp\/v2\/pages"}],"about":[{"href":"https:\/\/foradcamp.com\/es\/wp-json\/wp\/v2\/types\/page"}],"author":[{"embeddable":true,"href":"https:\/\/foradcamp.com\/es\/wp-json\/wp\/v2\/users\/1"}],"replies":[{"embeddable":true,"href":"https:\/\/foradcamp.com\/es\/wp-json\/wp\/v2\/comments?post=2614"}],"version-history":[{"count":31,"href":"https:\/\/foradcamp.com\/es\/wp-json\/wp\/v2\/pages\/2614\/revisions"}],"predecessor-version":[{"id":3011,"href":"https:\/\/foradcamp.com\/es\/wp-json\/wp\/v2\/pages\/2614\/revisions\/3011"}],"wp:attachment":[{"href":"https:\/\/foradcamp.com\/es\/wp-json\/wp\/v2\/media?parent=2614"}],"curies":[{"name":"wp","href":"https:\/\/api.w.org\/{rel}","templated":true}]}}