{"id":332,"date":"2015-09-15T23:10:48","date_gmt":"2015-09-15T21:10:48","guid":{"rendered":"https:\/\/festivalforadcamp.wordpress.com\/?page_id=332"},"modified":"2021-03-19T12:09:24","modified_gmt":"2021-03-19T10:09:24","slug":"seccion-oficial-2015","status":"publish","type":"page","link":"https:\/\/foradcamp.com\/es\/seccion-oficial-2015\/","title":{"rendered":"Secci\u00f3n Oficial 2015"},"content":{"rendered":"<h5><strong>IV Muestra de Cine con la Naturaleza Fora<em>d<\/em>Camp<\/strong><\/h5>\n<p><span style=\"color: #ffffff;\">.<\/span><br \/>\n<span style=\"color: #000000;\"><strong><em>Anima<\/em>, de Simon Gillard (B\u00e9lgica, 2014, 18 min.)<\/strong><\/span><\/p>\n<p style=\"text-align: justify;\"><a href=\"https:\/\/foradcamp.files.wordpress.com\/2015\/09\/anima_imagen1_900x506.jpg\"><img loading=\"lazy\" decoding=\"async\" class=\"size-thumbnail wp-image-538 alignleft\" src=\"https:\/\/foradcamp.files.wordpress.com\/2015\/09\/anima_imagen1_900x506.jpg?w=150\" alt=\"anima\" width=\"204\" height=\"133\" \/><\/a> <span style=\"color: #000000;\">Entre los hombres y sus gestos \u00e1speros y serios, se libera un alma. Se escapa de nuestro mundo en un viaje curioso, un vuelo a trav\u00e9s de un extra\u00f1o pueblo en el oeste de \u00c1frica. Sus im\u00e1genes poderosas y evocadoras se mezclan con sus sonidos estimulantes para darnos una visi\u00f3n sin l\u00edmites de este sue\u00f1o.<\/span><\/p>\n<p style=\"text-align: justify;\"><strong><a href=\"https:\/\/vimeo.com\/78358267\" target=\"_blank\" rel=\"noopener\">+ ver trailer<\/a><\/strong><\/p>\n<p><span style=\"color: #000000;\"><strong><em>Calendar girls<\/em>, de Lisa Birke (Canad\u00e1, 2014, 4 min.)<\/strong><\/span><\/p>\n<p style=\"text-align: justify;\"><a href=\"https:\/\/foradcamp.files.wordpress.com\/2015\/09\/calendar_girls_imagen1_900x506.jpg\"><img loading=\"lazy\" decoding=\"async\" class=\"size-thumbnail wp-image-538 alignleft\" src=\"https:\/\/foradcamp.files.wordpress.com\/2015\/09\/calendar_girls_imagen1_900x506.jpg?w=150\" alt=\"calendar girls\" width=\"204\" height=\"133\" \/><\/a> <span style=\"color: #000000;\">Un espect\u00e1culo de humor revela la falacia de la <em>selfie<\/em> y los mitos de la objetivaci\u00f3n mientras que restaura la humanidad de la Chica del Calendario despojada. El trabajo fue filmado de manera solitaria por la artista en el sudoeste de Ontario, Canad\u00e1, a lo largo de un a\u00f1o, de enero a diciembre de 2014.<\/span><\/p>\n<p style=\"text-align: justify;\"><strong><a href=\"https:\/\/vimeo.com\/100434364\" target=\"_blank\" rel=\"noopener\">+ ver trailer<\/a><\/strong><\/p>\n<p><span style=\"color: #000000;\"><strong><em>Carta a Nura<\/em>, de Maci\u00e0 Florit (Espa\u00f1a, 2014, 12 min.)<\/strong><\/span><\/p>\n<p style=\"text-align: justify;\"><a href=\"https:\/\/foradcamp.files.wordpress.com\/2015\/09\/carta_a_nura_imagen1_900x563.jpg\"><img loading=\"lazy\" decoding=\"async\" class=\"size-thumbnail wp-image-538 alignleft\" src=\"https:\/\/foradcamp.files.wordpress.com\/2015\/09\/carta_a_nura_imagen1_900x563.jpg\" alt=\"carta a Nura\" width=\"204\" height=\"133\" \/><\/a> <span style=\"color: #000000;\">Carta del director a la tierra, Nura, antiguo nombre fenicio de la isla de Menorca. A partir de una excursi\u00f3n al poblado de Son Catlar, un asentamiento Talay\u00f3tico en el t\u00e9rmino de Ciutadella, una voz autobiogr\u00e1fica destila las impresiones suscitadas a ra\u00edz de la visita. \u201cCarta a Nura\u201d es una pel\u00edcula sobre la cultura Talay\u00f3tica que oscila entre la correspondencia filmada y el ensayo cinematogr\u00e1fico. Pero quiz\u00e1s esto sea tan solo una excusa para ofrecer una reflexi\u00f3n sobre la identidad menorquina.<\/span><\/p>\n<p style=\"text-align: justify;\"><strong><a href=\"https:\/\/vimeo.com\/110016058\" target=\"_blank\" rel=\"noopener\">+ ver cortometraje<\/a><\/strong><\/p>\n<p><span style=\"color: #000000;\"><strong><em>Comer del monte<\/em>, de Andrea Ruffini (Paraguay, 2014, 30 min.)<\/strong><\/span><\/p>\n<p style=\"text-align: justify;\"><a href=\"https:\/\/foradcamp.files.wordpress.com\/2015\/09\/comer_del_monte_imagen1_900x600.jpg\"><img loading=\"lazy\" decoding=\"async\" class=\"size-thumbnail wp-image-538 alignleft\" src=\"https:\/\/foradcamp.files.wordpress.com\/2015\/09\/comer_del_monte_imagen1_900x600.jpg?w=150\" alt=\"comer del monte\" width=\"204\" height=\"133\" \/><\/a> <span style=\"color: #000000;\">El Chaco paraguayo es la zona que registra la tasa de deforestaci\u00f3n m\u00e1s alta del mundo. Realizado en colaboraci\u00f3n con j\u00f3venes de las comunidades de Enxet Enlhet y Sanapana, \u201cComer del monte\u201d nos ofrece un retrato de la vida cotidiana de unas comunidades ind\u00edgenas del Chaco Central de Paraguay, y nos muestra c\u00f3mo los pueblos originarios viven su relaci\u00f3n f\u00edsica y espiritual con la selva, sus plantas y sus animales.<\/span><\/p>\n<p style=\"text-align: justify;\"><strong><a href=\"https:\/\/vimeo.com\/85111119\" target=\"_blank\" rel=\"noopener\">+ ver trailer<\/a><\/strong><\/p>\n<p><span style=\"color: #000000;\"><strong><em>Esp\u00e9s<\/em>, de T\u00e0nit Fern\u00e1ndez e Isaac Rodr\u00edguez (Espa\u00f1a, 2013, 12 min.)<\/strong><\/span><\/p>\n<p style=\"text-align: justify;\"><a href=\"https:\/\/foradcamp.files.wordpress.com\/2015\/09\/espes_2_900x506.jpg\"><img loading=\"lazy\" decoding=\"async\" class=\"size-thumbnail wp-image-538 alignleft\" src=\"https:\/\/foradcamp.files.wordpress.com\/2015\/09\/espes_2_900x506.jpg?w=150\" alt=\"espes\" width=\"204\" height=\"133\" \/><\/a> <span style=\"color: #000000;\">Esp\u00e9s es un pueblo del Pirineo aragon\u00e9s que, como muchos otros en Espa\u00f1a, corre el riesgo de desaparecer, pues s\u00f3lo quedan cuatro habitantes. En este retrato documental se sienten las narraciones de estos cuatro habitantes que reflexionan sobre lo que ha sido el pueblo, lo que queda de \u00e9l, y el miedo a lo que pasar\u00e1 cuando ya no est\u00e9n, mientras se percibe, omnipresente, el paso implacable del tiempo.<\/span><\/p>\n<p style=\"text-align: justify;\"><strong><a href=\"https:\/\/vimeo.com\/83021360\" target=\"_blank\" rel=\"noopener\">+ ver trailer<\/a><\/strong><\/p>\n<p><span style=\"color: #000000;\"><strong><em>Extremos &#8211; Viaje a Karukinka<\/em>, de Federico Molentino y Juan M. Ferraro (Argentina, 2014, 27 min.)<\/strong><\/span><\/p>\n<p style=\"text-align: justify;\"><a href=\"https:\/\/foradcamp.files.wordpress.com\/2015\/09\/extremos_imagen3_900x506.jpg\"><img loading=\"lazy\" decoding=\"async\" class=\"size-thumbnail wp-image-538 alignleft\" src=\"https:\/\/foradcamp.files.wordpress.com\/2015\/09\/extremos_imagen3_900x506.jpg\" alt=\"extremos\" width=\"204\" height=\"133\" \/><\/a> <span style=\"color: #000000;\">Tierra del Fuego contiene un presente de ant\u00edpodas, de polaridades, de extremos. Sus paisajes, la flora y la contrastada ciudad en constante crecimiento, se ofrecen como lienzo para proyectar im\u00e1genes de la comunidad originaria de los selknam, haciendo convivir el pasado y el presente en un mismo tiempo narrativo. A trav\u00e9s del <em>mapping<\/em> y el montaje, el cortometraje articula el confluir de rituales originarios y conductas contempor\u00e1neas en diferentes situaciones cotidianas de la regi\u00f3n.<\/span><\/p>\n<p style=\"text-align: justify;\"><strong><a href=\"https:\/\/www.youtube.com\/watch?v=CDlZjVoyCG4\" target=\"_blank\" rel=\"noopener\">+ ver trailer<\/a><\/strong><\/p>\n<p><span style=\"color: #000000;\"><strong><em>Komorebitachi<\/em>, de Sophie Perrier y Masanori Omori (Suiza-Jap\u00f3n, 2014, 15 min.)<\/strong><\/span><\/p>\n<p style=\"text-align: justify;\"><a href=\"https:\/\/foradcamp.files.wordpress.com\/2015\/09\/komorebitachi_imagen1_900x507.jpg\"><img loading=\"lazy\" decoding=\"async\" class=\"size-thumbnail wp-image-538 alignleft\" src=\"https:\/\/foradcamp.files.wordpress.com\/2015\/09\/komorebitachi_imagen1_900x507.jpg\" alt=\"komorebitachi\" width=\"204\" height=\"133\" \/><\/a> <span style=\"color: #000000;\">Un paisaje natural en Jap\u00f3n sirve como escenario para aportar una mirada reposada de los rituales de la vida y su movimiento secreto. Un le\u00f1ador corta un \u00e1rbol, pidiendo su perd\u00f3n, mientras los dem\u00e1s aldeanos plantan otro, a fin de restaurar el equilibrio de la naturaleza.<\/span><\/p>\n<p style=\"text-align: justify;\"><strong><a href=\"https:\/\/vimeo.com\/121115081\" target=\"_blank\" rel=\"noopener\">+ ver cortometraje<\/a><\/strong><\/p>\n<p><span style=\"color: #000000;\"><strong><em>Prisioneros del Kan\u00fan<\/em>, de Roser Corella (Espa\u00f1a, 2013, 25 min.)<\/strong><\/span><\/p>\n<p style=\"text-align: justify;\"><a href=\"https:\/\/foradcamp.files.wordpress.com\/2015\/09\/prisioneros_del_kanun_imagen1_850x478.jpg\"><img loading=\"lazy\" decoding=\"async\" class=\"size-thumbnail wp-image-538 alignleft\" src=\"https:\/\/foradcamp.files.wordpress.com\/2015\/09\/prisioneros_del_kanun_imagen1_850x478.jpg\" alt=\"prisioneros del kanun\" width=\"204\" height=\"133\" \/><\/a> <span style=\"color: #000000;\">Desde el colapso del comunismo en Albania, los antiguos feudos de sangre han vuelto a arruinar algunas vidas, especialmente en las zonas monta\u00f1osas del norte del pa\u00eds, en donde muchas familias viven aisladas, encerradas en sus casas por temor a las venganzas de sangre. El recuperado c\u00f3digo ancestral del Kan\u00fan, que hab\u00eda regido la vida rural durante cinco siglos de ocupaci\u00f3n extranjera, incluye el derecho a matar para vengar un asesinato anterior: la sangre se paga con sangre.<\/span><\/p>\n<p style=\"text-align: justify;\"><strong><a href=\"https:\/\/vimeo.com\/79576861\" target=\"_blank\" rel=\"noopener\">+ ver trailer<\/a><\/strong><\/p>\n<p><span style=\"color: #000000;\"><strong><em>Sinfon\u00eda de galernas<\/em>, de Nadia Penella (Espa\u00f1a, 2014, 14 min.)<\/strong><\/span><\/p>\n<p style=\"text-align: justify;\"><a href=\"https:\/\/foradcamp.files.wordpress.com\/2015\/09\/sinfonia_galernas_imagen2_900x506.jpg\"><img loading=\"lazy\" decoding=\"async\" class=\"size-thumbnail wp-image-538 alignleft\" src=\"https:\/\/foradcamp.files.wordpress.com\/2015\/09\/sinfonia_galernas_imagen2_900x506.jpg\" alt=\"sinfonia de galernas\" width=\"204\" height=\"133\" \/><\/a> <span style=\"color: #000000;\">Nuevamente los temporales azotan la costa cant\u00e1brica. La figura del dique cobra sentido como muro represor de la rabia contenida. Las voces de trabajadores portuarios y de pescadores, encargados de estaciones costeras, son arrastradas por la marea a trav\u00e1s de los canales de radiofrecuencia. \u201cSinfon\u00eda de galernas\u201d nos propone una reflexi\u00f3n sobre el comportamiento del mar, retrat\u00e1ndolo a trav\u00e9s de su relaci\u00f3n con el ser humano: el mar como amenaza y el mar como sustento.<\/span><\/p>\n<p style=\"text-align: justify;\"><strong><a href=\"https:\/\/vimeo.com\/108388462\" target=\"_blank\" rel=\"noopener\">+ ver trailer<\/a><\/strong><\/p>\n<p><span style=\"color: #000000;\"><strong><em>Trento Symphonia<\/em>, de Flatform (Francia-Italia, 2014, 19 min.)<\/strong><\/span><\/p>\n<p style=\"text-align: justify;\"><a href=\"https:\/\/foradcamp.files.wordpress.com\/2015\/09\/trento_symphonia_imagen1_900x377.jpg\"><img loading=\"lazy\" decoding=\"async\" class=\"size-thumbnail wp-image-538 alignleft\" src=\"https:\/\/foradcamp.files.wordpress.com\/2015\/09\/trento_symphonia_imagen1_900x377.jpg\" alt=\"Trento Symphonia\" width=\"204\" height=\"133\" \/><\/a> <span style=\"color: #000000;\">Se pone el sol en un paisaje de monta\u00f1a. Una orquesta y un coro, junto con un gran grupo de adolescentes que act\u00faan como atriles vivientes, son filmados mientras tocan la primera parte de la octava sinfon\u00eda de Mahler. En \u201cTrento Symphonia\u201d el paisaje se convierte en un punto de convergencia entre contemplaci\u00f3n, correspondencia e imaginaci\u00f3n.<\/span><\/p>\n<p style=\"text-align: justify;\"><strong><a href=\"https:\/\/www.youtube.com\/watch?v=WUy0OIlsrYQ\" target=\"_blank\" rel=\"noopener\">+ ver trailer<\/a><\/strong><\/p>\n<p style=\"text-align: justify;\"><strong><a href=\"https:\/\/vimeo.com\/86499960\" target=\"_blank\" rel=\"noopener\">+ ver making off<\/a><\/strong><\/p>\n<p style=\"text-align: justify;\"><span style=\"color: #333333;\">Los cortometrajes de la <strong>Secci\u00f3n Oficial<\/strong> optan a los <strong>premios<\/strong>: <strong>Mejor Documental<\/strong>, <strong>Premio del P\u00fablico<\/strong> y <strong>Premio de Distribuci\u00f3n<\/strong>.<\/span><\/p>\n<p style=\"text-align: justify;\"><span style=\"color: #333333;\">El <strong>Premio al Mejor Documental<\/strong>, dotado con 300 euros, es escogido por un <strong><a href=\"http:\/\/wp.me\/p3puSZ-5u\" target=\"_blank\" rel=\"noopener\">Jurado<\/a><\/strong> que este a\u00f1o est\u00e1 formado por tres profesionales del mundo del cine documental<\/span>: <a href=\"http:\/\/wp.me\/p3puSZ-5u\" target=\"_blank\" rel=\"noopener\"><strong>Carmen \u00c1valos<\/strong>, <strong>Juanjo Gim\u00e9nez<\/strong> y <strong>Jorge Tur<\/strong>.<\/a><\/p>\n<p style=\"text-align: justify;\"><span style=\"color: #333333;\">El <strong>Premio del P\u00fablico<\/strong>, patrocinado por<\/span> <strong><a href=\"http:\/\/www.clickforfestivals.com\">Clickforfestivals<\/a><\/strong><span style=\"color: #333333;\">, se decide seg\u00fan la votaci\u00f3n de los espectadores que se realiza el d\u00eda de las proyecciones.<\/span><\/p>\n<p style=\"text-align: justify;\"><span style=\"color: #333333;\">El <strong>Premio de Distribuci\u00f3n<\/strong>, es concedido por<\/span> <a href=\"http:\/\/www.promofest.org\/\" target=\"_blank\" rel=\"noopener\"><strong>Promofest<\/strong><\/a> <span style=\"color: #333333;\">y consiste en la distribuci\u00f3n internacional del corto seleccionado.<\/span><\/p>\n<p>&nbsp;<\/p>\n","protected":false},"excerpt":{"rendered":"<p>IV Muestra de Cine con la Naturaleza ForadCamp . Anima, de Simon Gillard (B\u00e9lgica, 2014, 18 min.) Entre los hombres y sus gestos \u00e1speros y serios, se libera un alma. Se escapa de nuestro mundo en un viaje curioso, un vuelo a trav\u00e9s de un extra\u00f1o pueblo en el oeste de \u00c1frica. Sus im\u00e1genes poderosas&hellip;<a href=\"https:\/\/foradcamp.com\/es\/seccion-oficial-2015\/\" class=\"button\">Read more <span class=\"screen-reader-text\">Secci\u00f3n Oficial 2015<\/span><\/a><\/p>\n","protected":false},"author":1,"featured_media":0,"parent":0,"menu_order":0,"comment_status":"closed","ping_status":"closed","template":"","meta":{"footnotes":""},"class_list":["post-332","page","type-page","status-publish","hentry"],"yoast_head":"<!-- This site is optimized with the Yoast SEO plugin v23.5 - https:\/\/yoast.com\/wordpress\/plugins\/seo\/ -->\n<title>Secci\u00f3n Oficial 2015 - Muestra Foradcamp<\/title>\n<meta name=\"robots\" content=\"index, follow, max-snippet:-1, max-image-preview:large, max-video-preview:-1\" \/>\n<link rel=\"canonical\" href=\"https:\/\/foradcamp.com\/es\/seccion-oficial-2015\/\" \/>\n<meta property=\"og:locale\" content=\"es_ES\" \/>\n<meta property=\"og:type\" content=\"article\" \/>\n<meta property=\"og:title\" content=\"Secci\u00f3n Oficial 2015 - Muestra Foradcamp\" \/>\n<meta property=\"og:description\" content=\"IV Muestra de Cine con la Naturaleza ForadCamp . Anima, de Simon Gillard (B\u00e9lgica, 2014, 18 min.) Entre los hombres y sus gestos \u00e1speros y serios, se libera un alma. Se escapa de nuestro mundo en un viaje curioso, un vuelo a trav\u00e9s de un extra\u00f1o pueblo en el oeste de \u00c1frica. Sus im\u00e1genes poderosas&hellip;Read more Secci\u00f3n Oficial 2015\" \/>\n<meta property=\"og:url\" content=\"https:\/\/foradcamp.com\/es\/seccion-oficial-2015\/\" \/>\n<meta property=\"og:site_name\" content=\"Muestra Foradcamp\" \/>\n<meta property=\"article:modified_time\" content=\"2021-03-19T10:09:24+00:00\" \/>\n<meta property=\"og:image\" content=\"https:\/\/foradcamp.files.wordpress.com\/2015\/09\/anima_imagen1_900x506.jpg?w=150\" \/>\n<meta name=\"twitter:card\" content=\"summary_large_image\" \/>\n<meta name=\"twitter:label1\" content=\"Tiempo de lectura\" \/>\n\t<meta name=\"twitter:data1\" content=\"5 minutos\" \/>\n<script type=\"application\/ld+json\" class=\"yoast-schema-graph\">{\"@context\":\"https:\/\/schema.org\",\"@graph\":[{\"@type\":\"WebPage\",\"@id\":\"https:\/\/foradcamp.com\/es\/seccion-oficial-2015\/\",\"url\":\"https:\/\/foradcamp.com\/es\/seccion-oficial-2015\/\",\"name\":\"Secci\u00f3n Oficial 2015 - Muestra Foradcamp\",\"isPartOf\":{\"@id\":\"https:\/\/foradcamp.com\/es\/#website\"},\"primaryImageOfPage\":{\"@id\":\"https:\/\/foradcamp.com\/es\/seccion-oficial-2015\/#primaryimage\"},\"image\":{\"@id\":\"https:\/\/foradcamp.com\/es\/seccion-oficial-2015\/#primaryimage\"},\"thumbnailUrl\":\"https:\/\/foradcamp.files.wordpress.com\/2015\/09\/anima_imagen1_900x506.jpg?w=150\",\"datePublished\":\"2015-09-15T21:10:48+00:00\",\"dateModified\":\"2021-03-19T10:09:24+00:00\",\"breadcrumb\":{\"@id\":\"https:\/\/foradcamp.com\/es\/seccion-oficial-2015\/#breadcrumb\"},\"inLanguage\":\"es\",\"potentialAction\":[{\"@type\":\"ReadAction\",\"target\":[\"https:\/\/foradcamp.com\/es\/seccion-oficial-2015\/\"]}]},{\"@type\":\"ImageObject\",\"inLanguage\":\"es\",\"@id\":\"https:\/\/foradcamp.com\/es\/seccion-oficial-2015\/#primaryimage\",\"url\":\"https:\/\/foradcamp.files.wordpress.com\/2015\/09\/anima_imagen1_900x506.jpg?w=150\",\"contentUrl\":\"https:\/\/foradcamp.files.wordpress.com\/2015\/09\/anima_imagen1_900x506.jpg?w=150\"},{\"@type\":\"BreadcrumbList\",\"@id\":\"https:\/\/foradcamp.com\/es\/seccion-oficial-2015\/#breadcrumb\",\"itemListElement\":[{\"@type\":\"ListItem\",\"position\":1,\"name\":\"Portada\",\"item\":\"https:\/\/foradcamp.com\/es\/\"},{\"@type\":\"ListItem\",\"position\":2,\"name\":\"Secci\u00f3n Oficial 2015\"}]},{\"@type\":\"WebSite\",\"@id\":\"https:\/\/foradcamp.com\/es\/#website\",\"url\":\"https:\/\/foradcamp.com\/es\/\",\"name\":\"Muestra Foradcamp\",\"description\":\"Muestra de Cine y Naturaleza\",\"potentialAction\":[{\"@type\":\"SearchAction\",\"target\":{\"@type\":\"EntryPoint\",\"urlTemplate\":\"https:\/\/foradcamp.com\/es\/?s={search_term_string}\"},\"query-input\":{\"@type\":\"PropertyValueSpecification\",\"valueRequired\":true,\"valueName\":\"search_term_string\"}}],\"inLanguage\":\"es\"}]}<\/script>\n<!-- \/ Yoast SEO plugin. -->","yoast_head_json":{"title":"Secci\u00f3n Oficial 2015 - Muestra Foradcamp","robots":{"index":"index","follow":"follow","max-snippet":"max-snippet:-1","max-image-preview":"max-image-preview:large","max-video-preview":"max-video-preview:-1"},"canonical":"https:\/\/foradcamp.com\/es\/seccion-oficial-2015\/","og_locale":"es_ES","og_type":"article","og_title":"Secci\u00f3n Oficial 2015 - Muestra Foradcamp","og_description":"IV Muestra de Cine con la Naturaleza ForadCamp . Anima, de Simon Gillard (B\u00e9lgica, 2014, 18 min.) Entre los hombres y sus gestos \u00e1speros y serios, se libera un alma. Se escapa de nuestro mundo en un viaje curioso, un vuelo a trav\u00e9s de un extra\u00f1o pueblo en el oeste de \u00c1frica. Sus im\u00e1genes poderosas&hellip;Read more Secci\u00f3n Oficial 2015","og_url":"https:\/\/foradcamp.com\/es\/seccion-oficial-2015\/","og_site_name":"Muestra Foradcamp","article_modified_time":"2021-03-19T10:09:24+00:00","og_image":[{"url":"https:\/\/foradcamp.files.wordpress.com\/2015\/09\/anima_imagen1_900x506.jpg?w=150"}],"twitter_card":"summary_large_image","twitter_misc":{"Tiempo de lectura":"5 minutos"},"schema":{"@context":"https:\/\/schema.org","@graph":[{"@type":"WebPage","@id":"https:\/\/foradcamp.com\/es\/seccion-oficial-2015\/","url":"https:\/\/foradcamp.com\/es\/seccion-oficial-2015\/","name":"Secci\u00f3n Oficial 2015 - Muestra Foradcamp","isPartOf":{"@id":"https:\/\/foradcamp.com\/es\/#website"},"primaryImageOfPage":{"@id":"https:\/\/foradcamp.com\/es\/seccion-oficial-2015\/#primaryimage"},"image":{"@id":"https:\/\/foradcamp.com\/es\/seccion-oficial-2015\/#primaryimage"},"thumbnailUrl":"https:\/\/foradcamp.files.wordpress.com\/2015\/09\/anima_imagen1_900x506.jpg?w=150","datePublished":"2015-09-15T21:10:48+00:00","dateModified":"2021-03-19T10:09:24+00:00","breadcrumb":{"@id":"https:\/\/foradcamp.com\/es\/seccion-oficial-2015\/#breadcrumb"},"inLanguage":"es","potentialAction":[{"@type":"ReadAction","target":["https:\/\/foradcamp.com\/es\/seccion-oficial-2015\/"]}]},{"@type":"ImageObject","inLanguage":"es","@id":"https:\/\/foradcamp.com\/es\/seccion-oficial-2015\/#primaryimage","url":"https:\/\/foradcamp.files.wordpress.com\/2015\/09\/anima_imagen1_900x506.jpg?w=150","contentUrl":"https:\/\/foradcamp.files.wordpress.com\/2015\/09\/anima_imagen1_900x506.jpg?w=150"},{"@type":"BreadcrumbList","@id":"https:\/\/foradcamp.com\/es\/seccion-oficial-2015\/#breadcrumb","itemListElement":[{"@type":"ListItem","position":1,"name":"Portada","item":"https:\/\/foradcamp.com\/es\/"},{"@type":"ListItem","position":2,"name":"Secci\u00f3n Oficial 2015"}]},{"@type":"WebSite","@id":"https:\/\/foradcamp.com\/es\/#website","url":"https:\/\/foradcamp.com\/es\/","name":"Muestra Foradcamp","description":"Muestra de Cine y Naturaleza","potentialAction":[{"@type":"SearchAction","target":{"@type":"EntryPoint","urlTemplate":"https:\/\/foradcamp.com\/es\/?s={search_term_string}"},"query-input":{"@type":"PropertyValueSpecification","valueRequired":true,"valueName":"search_term_string"}}],"inLanguage":"es"}]}},"_links":{"self":[{"href":"https:\/\/foradcamp.com\/es\/wp-json\/wp\/v2\/pages\/332","targetHints":{"allow":["GET"]}}],"collection":[{"href":"https:\/\/foradcamp.com\/es\/wp-json\/wp\/v2\/pages"}],"about":[{"href":"https:\/\/foradcamp.com\/es\/wp-json\/wp\/v2\/types\/page"}],"author":[{"embeddable":true,"href":"https:\/\/foradcamp.com\/es\/wp-json\/wp\/v2\/users\/1"}],"replies":[{"embeddable":true,"href":"https:\/\/foradcamp.com\/es\/wp-json\/wp\/v2\/comments?post=332"}],"version-history":[{"count":1,"href":"https:\/\/foradcamp.com\/es\/wp-json\/wp\/v2\/pages\/332\/revisions"}],"predecessor-version":[{"id":2946,"href":"https:\/\/foradcamp.com\/es\/wp-json\/wp\/v2\/pages\/332\/revisions\/2946"}],"wp:attachment":[{"href":"https:\/\/foradcamp.com\/es\/wp-json\/wp\/v2\/media?parent=332"}],"curies":[{"name":"wp","href":"https:\/\/api.w.org\/{rel}","templated":true}]}}