{"id":3561,"date":"2025-10-01T22:37:40","date_gmt":"2025-10-01T20:37:40","guid":{"rendered":"https:\/\/foradcamp.com\/es\/?page_id=3561"},"modified":"2025-10-02T00:17:56","modified_gmt":"2025-10-01T22:17:56","slug":"proyecciones-2025","status":"publish","type":"page","link":"https:\/\/foradcamp.com\/es\/proyecciones-2025\/","title":{"rendered":"Proyecciones 2025"},"content":{"rendered":"<div style=\"display: flex; flex-direction: column; align-items: center; justify-content: center;\">\r\n<div id=\"sessio1\" style=\"margin: 20px 0;\">\r\n<h2 class=\"wp-block-heading\" style=\"text-align: center; margin-bottom: 10px;\"><span style=\"font-size: 30px; color: #333399;\">Sesi\u00f3n 1<\/span><\/h2>\r\n<h4 style=\"color: #333399; text-align: center; margin-bottom: 20px;\"><span style=\"font-size: 20px; color: #993300; display: block;\">S\u00e1bado 25\/10 &#8211; 16.15 hs.<\/span><\/h4>\r\n<div id=\"bon-auguri\">\r\n<h3 style=\"font-size: 24px; text-align: center; margin: 20px 0;\"><em>As the tide comes in<\/em><\/h3>\r\n<h4 style=\"font-size: 20px; text-align: center; margin: 10px 0;\">de Juan Palacios y Sofie Husum Johannesen<\/h4>\r\n<p style=\"text-align: center; margin-bottom: 30px;\"><strong>Dinamarca | 2023 | 88 min<\/strong><\/p>\r\n<img loading=\"lazy\" decoding=\"async\" class=\"aligncenter size-large wp-image-4124\" src=\"https:\/\/foradcamp.com\/wp-content\/uploads\/2025\/09\/AsTheTideComesIn_poster-UK-LD-LRG-719x1024.jpg\" alt=\"\" width=\"662\" height=\"943\" \/> \u00a0 <!-- \/wp:post-content -->\r\n\r\n<!-- wp:image {\"id\":3917,\"sizeSlug\":\"large\",\"linkDestination\":\"none\"} --><!--\r\n<figure class=\"wp-block-image size-large\" style=\"text-align: center;\">\r\n                      <img decoding=\"async\" class=\"wp-image-3917 aligncenter\" src=\"https:\/\/foradcamp.com\/wp-content\/uploads\/2024\/09\/cap_good_omen_4.jpg\" alt=\"Dona amb caputxa vermella i ramat d'ovelles\" width=\"500\" \/><\/figure>\r\n--><!-- \/wp:image -->\r\n\r\n<!-- wp:paragraph -->\r\n<p style=\"max-width: 600px; margin: 24px 5vw; text-align: start;\"><span style=\"color: #000080;\"><strong>Sinopsis:<\/strong> <\/span><span style=\"font-weight: 400;\">En la isla danesa de Mand\u00f8, s\u00f3lo 27 personas resisten los embates del mar y del tiempo. En medio de tormentas, diques que se hunden y un cambio clim\u00e1tico imparable, la vida contin\u00faa con una rutina peculiar y fr\u00e1gil. Gregers, el \u00faltimo granjero de la isla, se niega a marcharse y sue\u00f1a con encontrar a alguien con quien compartir la granja y el aislamiento.<\/span><\/p>\r\n<p style=\"max-width: 600px; margin: 24px 5vw; text-align: start;\"><span style=\"font-weight: 400;\">Con una puesta en escena serena y precisa, <em>As the tide comes in<\/em> traza el retrato po\u00e9tico de una comunidad en extinci\u00f3n. Una pel\u00edcula que observa con ternura e iron\u00eda c\u00f3mo se aferran a su porci\u00f3n de mundo, mientras el paisaje \u2014cielo, agua y viento\u2014 cambia a su alrededor.<\/span><\/p>\r\n<p style=\"max-width: 600px; margin: 24px 5vw; text-align: start;\"><span style=\"font-weight: 400;\">Estrenada mundialmente en IDFA 2023, la pel\u00edcula ha sido seleccionada en m\u00e1s de 40 festivales internacionales, como Visions du R\u00e9el, G\u00f6teborg, Thessaloniki, CPH:DOX, Dokufest, Hamburgo y Gij\u00f3n, entre muchos otros.<\/span><\/p>\r\n<!-- \/wp:paragraph -->\r\n<div style=\"text-align: center; margin: 10px 0;\"><iframe loading=\"lazy\" title=\"As the tide comes in - Trailer\" src=\"https:\/\/player.vimeo.com\/video\/907751198?autopause=0&amp;app_id=58479\" width=\"560\" height=\"315\" frameborder=\"0\" allowfullscreen=\"allowfullscreen\"><\/iframe><\/div>\r\n<p style=\"text-align: center; margin: 5px 0;\">+ info: <a href=\"https:\/\/www.elkfilm.dk\/before-the-storm\/\" target=\"_blank\" rel=\"noopener\">www.elkfilm.dk\/before-the-storm<\/a><\/p>\r\n<\/div>\r\n<\/div>\r\n<div id=\"sessio3\" style=\"margin: 20px 0;\">\r\n<div id=\"sessio1\" style=\"margin: 20px 0;\">\r\n<h2 class=\"wp-block-heading\" style=\"text-align: center; margin-bottom: 10px;\"><span style=\"font-size: 30px; color: #333399;\">Sesi\u00f3n 2<\/span><\/h2>\r\n<h4 style=\"color: #333399; text-align: center; margin-bottom: 20px;\"><span style=\"font-size: 20px; color: #993300; display: block;\">S\u00e1bado 25\/10 &#8211; 18.30 hs.<\/span><\/h4>\r\n<h3 style=\"font-size: 24px; text-align: center; margin: 20px 0;\"><em>El Eco<\/em><\/h3>\r\n<h4 style=\"font-size: 20px; text-align: center; margin: 10px 0;\">de Tatiana Huezo<\/h4>\r\n<p style=\"text-align: center; margin-bottom: 30px;\"><strong>M\u00e9xico-Alemania | 102\u2019 | 2023<\/strong><\/p>\r\n<!-- \/wp:heading -->\r\n\r\n<!-- wp:image {\"id\":3917,\"sizeSlug\":\"large\",\"linkDestination\":\"none\"} -->\r\n<figure class=\"wp-block-image size-large\" style=\"text-align: center;\"><img decoding=\"async\" class=\"wp-image-3917 aligncenter\" src=\"https:\/\/foradcamp.com\/wp-content\/uploads\/2025\/07\/2023-El-eco-tt26448953-Espanol-scaled.jpg\" alt=\"El Eco\" width=\"540\" \/><\/figure>\r\n<!-- \/wp:image -->\r\n<p style=\"max-width: 600px; margin: 24px 5vw; text-align: start;\"><span style=\"color: #000080;\"><strong>Sinopsis:<\/strong> <\/span><span style=\"font-weight: 400;\">En un valle remoto y solitario de M\u00e9xico, azotado por la sequ\u00eda y los inviernos extremos, los ni\u00f1os crecen observando el mundo con una lucidez cruda y tierna. En <em>El eco<\/em>, Tatiana Huezo construye un retrato profundamente humano y sensorial sobre el paso del tiempo, la responsabilidad, la resiliencia y la relaci\u00f3n con la naturaleza.<\/span><\/p>\r\n<p style=\"max-width: 600px; margin: 24px 5vw; text-align: start;\">Sin voz en off ni intervenciones, y con una puesta en escena que oscila entre la ternura y el deslumbramiento, la pel\u00edcula se adentra en la cotidianidad de una comunidad rural a trav\u00e9s de la mirada de los m\u00e1s j\u00f3venes. Surge as\u00ed una infancia llena de silencios, aprendizajes y resistencia. Un cuento visual sobre el crecimiento en contacto directo con la tierra y sus leyes, y, a la vez, una reflexi\u00f3n sobre la herencia, el machismo, la memoria y la huella del mundo que habitamos.<\/p>\r\n<p style=\"max-width: 600px; margin: 24px 5vw; text-align: start;\"><em>El eco<\/em> ha obtenido diversos reconocimientos internacionales: Premio al Mejor Documental en el Festival de Berl\u00edn 2023, Premio al Mejor Largometraje Documental Mexicano y Premio del P\u00fablico en el Festival de Morelia, y ha sido seleccionada en festivales como San Sebasti\u00e1n, Chicago, Palm Springs y Luxemburgo, entre muchos otros.<\/p>\r\n<!-- \/wp:paragraph -->\r\n<div style=\"text-align: center; margin: 10px 0;\"><iframe loading=\"lazy\" title=\"Tr\u00e1iler El Eco\" src=\"https:\/\/www.youtube.com\/embed\/klfrpNLmsqQ\" width=\"560\" height=\"315\" frameborder=\"0\" allowfullscreen=\"allowfullscreen\" data-mce-fragment=\"1\"><span style=\"display: inline-block; width: 0px; overflow: hidden; line-height: 0;\" data-mce-type=\"bookmark\" class=\"mce_SELRES_start\">\ufeff<\/span><\/iframe><\/div>\r\n<p style=\"text-align: center; margin: 5px 0;\">+ info: <a href=\"https:\/\/bteampictures.es\/el-eco\/\" target=\"_blank\" rel=\"noopener\"> bteampictures.es\/el-eco <\/a><\/p>\r\n<\/div>\r\n<div id=\"sessio2\" style=\"margin: 20px 0;\"><!-- wp:heading -->\r\n<h2 class=\"wp-block-heading\" style=\"text-align: center; margin-bottom: 10px;\">\u00a0<\/h2>\r\n<\/div>\r\n<h2 class=\"wp-block-heading\" style=\"text-align: center; margin-bottom: 10px;\"><span style=\"font-size: 30px; color: #333399;\">Sesi\u00f3n 3<\/span><\/h2>\r\n<h4 style=\"color: #333399; text-align: center; margin-bottom: 20px;\"><span style=\"font-size: 20px; color: #993300; display: block;\">Domingo 26\/10 &#8211; 18.30 hs.<\/span><\/h4>\r\n<h3 style=\"font-size: 24px; text-align: center; margin: 20px 0;\"><em>A happy day<\/em><\/h3>\r\n<h4 style=\"font-size: 20px; text-align: center; margin: 10px 0;\">de Hisham Zaman<\/h4>\r\n<p style=\"text-align: center; margin-bottom: 30px;\"><strong>Noruega-Dinamarca I 2023 I 108 min.<\/strong><\/p>\r\n<img loading=\"lazy\" decoding=\"async\" class=\"aligncenter size-large wp-image-4123\" src=\"https:\/\/foradcamp.com\/wp-content\/uploads\/2025\/09\/a-happy-day-poster-717x1024.jpg\" alt=\"\" width=\"662\" height=\"945\" \/>\r\n<p style=\"max-width: 600px; margin: 24px 5vw; text-align: start;\"><span style=\"color: #000080;\"><strong>Sinopsis:<\/strong><\/span><span style=\"font-weight: 400;\">Tres amigos adolescentes residen en un campo de refugiados en el g\u00e9lido norte de Noruega. Juntos idean un plan para escapar a trav\u00e9s de la monta\u00f1a hacia un mundo donde sus sue\u00f1os puedan hacerse realidad. Sin embargo, cuando uno de ellos se enamora, el plan comienza a hundirse.<\/span><\/p>\r\n<p style=\"max-width: 600px; margin: 24px 5vw; text-align: start;\">El director noruego de ascendencia kurda Hisham Zaman se basa en su propia experiencia como refugiado para hacer una pel\u00edcula inusual y po\u00e9tica, con una visi\u00f3n singular de la incomodidad y la confusi\u00f3n que existe entre los seres humanos, la naturaleza y la pol\u00edtica, y que a la vez deja una huella de esperanza sobre un enorme paisaje nevado.<\/p>\r\n<p style=\"max-width: 600px; margin: 24px 5vw; text-align: start;\"><em>A happy day<\/em> ha pasado por distintos festivales internacionales como los de Toronto, Chicago, Bergen o Gotemburgo.<\/p>\r\n<div style=\"text-align: center; margin: 10px 0;\"><iframe loading=\"lazy\" title=\"Tr\u00e1iler A happy day\" src=\"https:\/\/www.youtube.com\/embed\/JO4fZ11BTvw\" width=\"560\" height=\"315\" frameborder=\"0\" allowfullscreen=\"allowfullscreen\"><span style=\"display: inline-block; width: 0px; overflow: hidden; line-height: 0;\" data-mce-type=\"bookmark\" class=\"mce_SELRES_start\">\ufeff<\/span><span style=\"display: inline-block; width: 0px; overflow: hidden; line-height: 0;\" data-mce-type=\"bookmark\" class=\"mce_SELRES_start\">\ufeff<\/span><\/iframe><\/div>\r\n<p style=\"text-align: center;\">+ info: <a href=\"https:\/\/snowfallcinema.no\/a-happy-day\">https:\/\/snowfallcinema.no\/a-happy-day<\/a><\/p>\r\n\u00a0\r\n<p style=\"max-width: 600px; margin: 24px 5vw; text-align: start;\">Todas las proyecciones se llevar\u00e1n a cabo en la<strong><a href=\"https:\/\/maps.app.goo.gl\/21tMowBx74Z1Dxjd8\" target=\"_blank\" rel=\"noopener\"> <span style=\"color: #006400;\">Sala del Nou Casino de Figar\u00f3-Montmany<\/span><\/a><\/strong>, <span style=\"font-size: 18px;\">situada en Carretera de Ribes, 37.<\/span><\/p>\r\n<\/div>\r\n<div id=\"footer\" style=\"margin: 20px 0;\">\r\n<p style=\"text-align: center;\"><strong>\u00a1Reserva ahora tus entradas<\/strong>! <a href=\"https:\/\/foradcamp.com\/es\/reserva-de-entradas-2025\"> <img loading=\"lazy\" decoding=\"async\" class=\"wp-image-2984 aligncenter\" src=\"http:\/\/foradcamp.com\/wp-content\/uploads\/2020\/09\/Boto\u0301n-Reservar-300x84.jpg\" alt=\"\" width=\"161\" height=\"45\" \/> <\/a><\/p>\r\n<\/div>\r\n<\/div>","protected":false},"excerpt":{"rendered":"<p>Sesi\u00f3n 1 S\u00e1bado 25\/10 &#8211; 16.15 hs. As the tide comes in de Juan Palacios y Sofie Husum Johannesen Dinamarca | 2023 | 88 min \u00a0 Sinopsis: En la isla danesa de Mand\u00f8, s\u00f3lo 27 personas resisten los embates del mar y del tiempo. En medio de tormentas, diques que se hunden y un cambio&hellip;<a href=\"https:\/\/foradcamp.com\/es\/proyecciones-2025\/\" class=\"button\">Read more <span class=\"screen-reader-text\">Proyecciones 2025<\/span><\/a><\/p>\n","protected":false},"author":1,"featured_media":0,"parent":0,"menu_order":0,"comment_status":"closed","ping_status":"closed","template":"","meta":{"footnotes":""},"class_list":["post-3561","page","type-page","status-publish","hentry"],"yoast_head":"<!-- This site is optimized with the Yoast SEO plugin v23.5 - https:\/\/yoast.com\/wordpress\/plugins\/seo\/ -->\n<title>Proyecciones 2025 - Muestra Foradcamp<\/title>\n<meta name=\"description\" content=\"Descubre las proyecciones del Festival de Cine Documental en Figar\u00f3-Montmany 2025. Tres pel\u00edculas internacionales con historias humanas y paisajes \u00fanicos. Reserva tus entradas online.\" \/>\n<meta name=\"robots\" content=\"index, follow, max-snippet:-1, max-image-preview:large, max-video-preview:-1\" \/>\n<link rel=\"canonical\" href=\"https:\/\/foradcamp.com\/es\/proyecciones-2025\/\" \/>\n<meta property=\"og:locale\" content=\"es_ES\" \/>\n<meta property=\"og:type\" content=\"article\" \/>\n<meta property=\"og:title\" content=\"Proyecciones 2025 - Muestra Foradcamp\" \/>\n<meta property=\"og:description\" content=\"Descubre las proyecciones del Festival de Cine Documental en Figar\u00f3-Montmany 2025. Tres pel\u00edculas internacionales con historias humanas y paisajes \u00fanicos. Reserva tus entradas online.\" \/>\n<meta property=\"og:url\" content=\"https:\/\/foradcamp.com\/es\/proyecciones-2025\/\" \/>\n<meta property=\"og:site_name\" content=\"Muestra Foradcamp\" \/>\n<meta property=\"article:modified_time\" content=\"2025-10-01T22:17:56+00:00\" \/>\n<meta property=\"og:image\" content=\"https:\/\/foradcamp.com\/wp-content\/uploads\/2025\/09\/AsTheTideComesIn_poster-UK-LD-LRG-719x1024.jpg\" \/>\n<meta name=\"twitter:card\" content=\"summary_large_image\" \/>\n<meta name=\"twitter:label1\" content=\"Tiempo de lectura\" \/>\n\t<meta name=\"twitter:data1\" content=\"4 minutos\" \/>\n<script type=\"application\/ld+json\" class=\"yoast-schema-graph\">{\"@context\":\"https:\/\/schema.org\",\"@graph\":[{\"@type\":\"WebPage\",\"@id\":\"https:\/\/foradcamp.com\/es\/proyecciones-2025\/\",\"url\":\"https:\/\/foradcamp.com\/es\/proyecciones-2025\/\",\"name\":\"Proyecciones 2025 - Muestra Foradcamp\",\"isPartOf\":{\"@id\":\"https:\/\/foradcamp.com\/es\/#website\"},\"primaryImageOfPage\":{\"@id\":\"https:\/\/foradcamp.com\/es\/proyecciones-2025\/#primaryimage\"},\"image\":{\"@id\":\"https:\/\/foradcamp.com\/es\/proyecciones-2025\/#primaryimage\"},\"thumbnailUrl\":\"https:\/\/foradcamp.com\/wp-content\/uploads\/2025\/09\/AsTheTideComesIn_poster-UK-LD-LRG-719x1024.jpg\",\"datePublished\":\"2025-10-01T20:37:40+00:00\",\"dateModified\":\"2025-10-01T22:17:56+00:00\",\"description\":\"Descubre las proyecciones del Festival de Cine Documental en Figar\u00f3-Montmany 2025. Tres pel\u00edculas internacionales con historias humanas y paisajes \u00fanicos. Reserva tus entradas online.\",\"breadcrumb\":{\"@id\":\"https:\/\/foradcamp.com\/es\/proyecciones-2025\/#breadcrumb\"},\"inLanguage\":\"es\",\"potentialAction\":[{\"@type\":\"ReadAction\",\"target\":[\"https:\/\/foradcamp.com\/es\/proyecciones-2025\/\"]}]},{\"@type\":\"ImageObject\",\"inLanguage\":\"es\",\"@id\":\"https:\/\/foradcamp.com\/es\/proyecciones-2025\/#primaryimage\",\"url\":\"https:\/\/foradcamp.com\/wp-content\/uploads\/2025\/09\/AsTheTideComesIn_poster-UK-LD-LRG-719x1024.jpg\",\"contentUrl\":\"https:\/\/foradcamp.com\/wp-content\/uploads\/2025\/09\/AsTheTideComesIn_poster-UK-LD-LRG-719x1024.jpg\"},{\"@type\":\"BreadcrumbList\",\"@id\":\"https:\/\/foradcamp.com\/es\/proyecciones-2025\/#breadcrumb\",\"itemListElement\":[{\"@type\":\"ListItem\",\"position\":1,\"name\":\"Portada\",\"item\":\"https:\/\/foradcamp.com\/es\/\"},{\"@type\":\"ListItem\",\"position\":2,\"name\":\"Proyecciones 2025\"}]},{\"@type\":\"WebSite\",\"@id\":\"https:\/\/foradcamp.com\/es\/#website\",\"url\":\"https:\/\/foradcamp.com\/es\/\",\"name\":\"Muestra Foradcamp\",\"description\":\"Muestra de Cine y Naturaleza\",\"potentialAction\":[{\"@type\":\"SearchAction\",\"target\":{\"@type\":\"EntryPoint\",\"urlTemplate\":\"https:\/\/foradcamp.com\/es\/?s={search_term_string}\"},\"query-input\":{\"@type\":\"PropertyValueSpecification\",\"valueRequired\":true,\"valueName\":\"search_term_string\"}}],\"inLanguage\":\"es\"}]}<\/script>\n<!-- \/ Yoast SEO plugin. -->","yoast_head_json":{"title":"Proyecciones 2025 - Muestra Foradcamp","description":"Descubre las proyecciones del Festival de Cine Documental en Figar\u00f3-Montmany 2025. Tres pel\u00edculas internacionales con historias humanas y paisajes \u00fanicos. Reserva tus entradas online.","robots":{"index":"index","follow":"follow","max-snippet":"max-snippet:-1","max-image-preview":"max-image-preview:large","max-video-preview":"max-video-preview:-1"},"canonical":"https:\/\/foradcamp.com\/es\/proyecciones-2025\/","og_locale":"es_ES","og_type":"article","og_title":"Proyecciones 2025 - Muestra Foradcamp","og_description":"Descubre las proyecciones del Festival de Cine Documental en Figar\u00f3-Montmany 2025. Tres pel\u00edculas internacionales con historias humanas y paisajes \u00fanicos. Reserva tus entradas online.","og_url":"https:\/\/foradcamp.com\/es\/proyecciones-2025\/","og_site_name":"Muestra Foradcamp","article_modified_time":"2025-10-01T22:17:56+00:00","og_image":[{"url":"https:\/\/foradcamp.com\/wp-content\/uploads\/2025\/09\/AsTheTideComesIn_poster-UK-LD-LRG-719x1024.jpg"}],"twitter_card":"summary_large_image","twitter_misc":{"Tiempo de lectura":"4 minutos"},"schema":{"@context":"https:\/\/schema.org","@graph":[{"@type":"WebPage","@id":"https:\/\/foradcamp.com\/es\/proyecciones-2025\/","url":"https:\/\/foradcamp.com\/es\/proyecciones-2025\/","name":"Proyecciones 2025 - Muestra Foradcamp","isPartOf":{"@id":"https:\/\/foradcamp.com\/es\/#website"},"primaryImageOfPage":{"@id":"https:\/\/foradcamp.com\/es\/proyecciones-2025\/#primaryimage"},"image":{"@id":"https:\/\/foradcamp.com\/es\/proyecciones-2025\/#primaryimage"},"thumbnailUrl":"https:\/\/foradcamp.com\/wp-content\/uploads\/2025\/09\/AsTheTideComesIn_poster-UK-LD-LRG-719x1024.jpg","datePublished":"2025-10-01T20:37:40+00:00","dateModified":"2025-10-01T22:17:56+00:00","description":"Descubre las proyecciones del Festival de Cine Documental en Figar\u00f3-Montmany 2025. Tres pel\u00edculas internacionales con historias humanas y paisajes \u00fanicos. Reserva tus entradas online.","breadcrumb":{"@id":"https:\/\/foradcamp.com\/es\/proyecciones-2025\/#breadcrumb"},"inLanguage":"es","potentialAction":[{"@type":"ReadAction","target":["https:\/\/foradcamp.com\/es\/proyecciones-2025\/"]}]},{"@type":"ImageObject","inLanguage":"es","@id":"https:\/\/foradcamp.com\/es\/proyecciones-2025\/#primaryimage","url":"https:\/\/foradcamp.com\/wp-content\/uploads\/2025\/09\/AsTheTideComesIn_poster-UK-LD-LRG-719x1024.jpg","contentUrl":"https:\/\/foradcamp.com\/wp-content\/uploads\/2025\/09\/AsTheTideComesIn_poster-UK-LD-LRG-719x1024.jpg"},{"@type":"BreadcrumbList","@id":"https:\/\/foradcamp.com\/es\/proyecciones-2025\/#breadcrumb","itemListElement":[{"@type":"ListItem","position":1,"name":"Portada","item":"https:\/\/foradcamp.com\/es\/"},{"@type":"ListItem","position":2,"name":"Proyecciones 2025"}]},{"@type":"WebSite","@id":"https:\/\/foradcamp.com\/es\/#website","url":"https:\/\/foradcamp.com\/es\/","name":"Muestra Foradcamp","description":"Muestra de Cine y Naturaleza","potentialAction":[{"@type":"SearchAction","target":{"@type":"EntryPoint","urlTemplate":"https:\/\/foradcamp.com\/es\/?s={search_term_string}"},"query-input":{"@type":"PropertyValueSpecification","valueRequired":true,"valueName":"search_term_string"}}],"inLanguage":"es"}]}},"_links":{"self":[{"href":"https:\/\/foradcamp.com\/es\/wp-json\/wp\/v2\/pages\/3561","targetHints":{"allow":["GET"]}}],"collection":[{"href":"https:\/\/foradcamp.com\/es\/wp-json\/wp\/v2\/pages"}],"about":[{"href":"https:\/\/foradcamp.com\/es\/wp-json\/wp\/v2\/types\/page"}],"author":[{"embeddable":true,"href":"https:\/\/foradcamp.com\/es\/wp-json\/wp\/v2\/users\/1"}],"replies":[{"embeddable":true,"href":"https:\/\/foradcamp.com\/es\/wp-json\/wp\/v2\/comments?post=3561"}],"version-history":[{"count":4,"href":"https:\/\/foradcamp.com\/es\/wp-json\/wp\/v2\/pages\/3561\/revisions"}],"predecessor-version":[{"id":3580,"href":"https:\/\/foradcamp.com\/es\/wp-json\/wp\/v2\/pages\/3561\/revisions\/3580"}],"wp:attachment":[{"href":"https:\/\/foradcamp.com\/es\/wp-json\/wp\/v2\/media?parent=3561"}],"curies":[{"name":"wp","href":"https:\/\/api.w.org\/{rel}","templated":true}]}}