{"id":92,"date":"2015-03-31T17:31:42","date_gmt":"2015-03-31T15:31:42","guid":{"rendered":"https:\/\/festivalforadcamp.wordpress.com\/?page_id=92"},"modified":"2021-03-19T12:11:10","modified_gmt":"2021-03-19T10:11:10","slug":"edicion-2014","status":"publish","type":"page","link":"https:\/\/foradcamp.com\/es\/edicion-2014\/","title":{"rendered":"Edici\u00f3n 2014"},"content":{"rendered":"<p>En 2014, a pesar de la reducci\u00f3n de los fondos p\u00fablicos y privados destinados a cultura, Foradcamp celebr\u00f3 su tercera edici\u00f3n continuando la apuesta por la proyecci\u00f3n de un cine personal y de esp\u00edritu innovador.<\/p>\n<div id=\"attachment_96\" style=\"width: 210px\" class=\"wp-caption aligncenter\"><img loading=\"lazy\" decoding=\"async\" aria-describedby=\"caption-attachment-96\" class=\"wp-image-96\" src=\"https:\/\/festivalforadcamp.files.wordpress.com\/2015\/03\/dsc_0068.jpg?w=300\" alt=\"DSC_0068\" width=\"200\" height=\"134\" srcset=\"https:\/\/foradcamp.com\/es\/wp-content\/uploads\/2015\/03\/dsc_0068.jpg 1000w, https:\/\/foradcamp.com\/es\/wp-content\/uploads\/2015\/03\/dsc_0068-300x201.jpg 300w, https:\/\/foradcamp.com\/es\/wp-content\/uploads\/2015\/03\/dsc_0068-768x515.jpg 768w, https:\/\/foradcamp.com\/es\/wp-content\/uploads\/2015\/03\/dsc_0068-373x250.jpg 373w\" sizes=\"auto, (max-width: 200px) 100vw, 200px\" \/><p id=\"caption-attachment-96\" class=\"wp-caption-text\">Escena de La plaga (Neus Ball\u00fas).<\/p><\/div>\n<p>A diferencia de a\u00f1os anteriores, no hubo muestra competitiva, y se program\u00f3 una secci\u00f3n Foradcamp Off, con la proyecci\u00f3n de dos largometrajes destacados en la producci\u00f3n audiovisual catalana de los \u00faltimos dos a\u00f1os, y afines con el esp\u00edritu de la Muestra: <strong><em>Sobre la Marcha<\/em><\/strong>, de <strong>Jordi Morat\u00f3<\/strong> y <strong><em>La Plaga<\/em><\/strong>, de <strong>Neus Ball\u00fas<\/strong>. Los dos directores estuvieron presentes en la muestra y hablaron con el p\u00fablico una vez terminada cada proyecci\u00f3n.<\/p>\n<div id=\"attachment_95\" style=\"width: 210px\" class=\"wp-caption aligncenter\"><img loading=\"lazy\" decoding=\"async\" aria-describedby=\"caption-attachment-95\" class=\"wp-image-95\" src=\"https:\/\/festivalforadcamp.files.wordpress.com\/2015\/03\/dsc_0077.jpg?w=300\" alt=\"DSC_0077\" width=\"200\" height=\"134\" srcset=\"https:\/\/foradcamp.com\/es\/wp-content\/uploads\/2015\/03\/dsc_0077.jpg 1000w, https:\/\/foradcamp.com\/es\/wp-content\/uploads\/2015\/03\/dsc_0077-300x201.jpg 300w, https:\/\/foradcamp.com\/es\/wp-content\/uploads\/2015\/03\/dsc_0077-768x515.jpg 768w, https:\/\/foradcamp.com\/es\/wp-content\/uploads\/2015\/03\/dsc_0077-373x250.jpg 373w\" sizes=\"auto, (max-width: 200px) 100vw, 200px\" \/><p id=\"caption-attachment-95\" class=\"wp-caption-text\">Mar\u00eda Alc\u00e1zar y Neus Ball\u00fas (La plaga).<\/p><\/div>\n<div id=\"attachment_94\" style=\"width: 210px\" class=\"wp-caption aligncenter\"><img loading=\"lazy\" decoding=\"async\" aria-describedby=\"caption-attachment-94\" class=\"wp-image-94\" src=\"https:\/\/festivalforadcamp.files.wordpress.com\/2015\/03\/dsc_0059.jpg?w=300\" alt=\"DSC_0059\" width=\"200\" height=\"134\" srcset=\"https:\/\/foradcamp.com\/es\/wp-content\/uploads\/2015\/03\/dsc_0059.jpg 1000w, https:\/\/foradcamp.com\/es\/wp-content\/uploads\/2015\/03\/dsc_0059-300x201.jpg 300w, https:\/\/foradcamp.com\/es\/wp-content\/uploads\/2015\/03\/dsc_0059-768x515.jpg 768w, https:\/\/foradcamp.com\/es\/wp-content\/uploads\/2015\/03\/dsc_0059-373x250.jpg 373w\" sizes=\"auto, (max-width: 200px) 100vw, 200px\" \/><p id=\"caption-attachment-94\" class=\"wp-caption-text\">Jordi Morat\u00f3 (Sobre la marxa).<\/p><\/div>\n<p>La muestra se complement\u00f3 con un <strong>taller de animaci\u00f3n para las familias<\/strong> del Figar\u00f3, proponiendo\u00a0una actividad l\u00fadica mediante la cual fortalecer los lazos entre padres-madres y sus hijos, animando el trabajo en equipo y promoviendo los valores de cuidado y respeto por el entorno natural.<\/p>\n<div id=\"attachment_93\" style=\"width: 261px\" class=\"wp-caption aligncenter\"><img loading=\"lazy\" decoding=\"async\" aria-describedby=\"caption-attachment-93\" class=\"wp-image-93\" src=\"https:\/\/festivalforadcamp.files.wordpress.com\/2015\/03\/dsc_0015.jpg?w=300\" alt=\"DSC_0015\" width=\"251\" height=\"168\" srcset=\"https:\/\/foradcamp.com\/es\/wp-content\/uploads\/2015\/03\/dsc_0015.jpg 1000w, https:\/\/foradcamp.com\/es\/wp-content\/uploads\/2015\/03\/dsc_0015-300x201.jpg 300w, https:\/\/foradcamp.com\/es\/wp-content\/uploads\/2015\/03\/dsc_0015-768x515.jpg 768w, https:\/\/foradcamp.com\/es\/wp-content\/uploads\/2015\/03\/dsc_0015-373x250.jpg 373w\" sizes=\"auto, (max-width: 251px) 100vw, 251px\" \/><p id=\"caption-attachment-93\" class=\"wp-caption-text\">Taller de animaci\u00f3n para familias.<\/p><\/div>\n","protected":false},"excerpt":{"rendered":"<p>En 2014, a pesar de la reducci\u00f3n de los fondos p\u00fablicos y privados destinados a cultura, Foradcamp celebr\u00f3 su tercera edici\u00f3n continuando la apuesta por la proyecci\u00f3n de un cine personal y de esp\u00edritu innovador. A diferencia de a\u00f1os anteriores, no hubo muestra competitiva, y se program\u00f3 una secci\u00f3n Foradcamp Off, con la proyecci\u00f3n de&hellip;<a href=\"https:\/\/foradcamp.com\/es\/edicion-2014\/\" class=\"button\">Read more <span class=\"screen-reader-text\">Edici\u00f3n 2014<\/span><\/a><\/p>\n","protected":false},"author":1,"featured_media":0,"parent":0,"menu_order":0,"comment_status":"closed","ping_status":"closed","template":"","meta":{"footnotes":""},"class_list":["post-92","page","type-page","status-publish","hentry"],"yoast_head":"<!-- This site is optimized with the Yoast SEO plugin v23.5 - https:\/\/yoast.com\/wordpress\/plugins\/seo\/ -->\n<title>Edici\u00f3n 2014 - Muestra Foradcamp<\/title>\n<meta name=\"robots\" content=\"index, follow, max-snippet:-1, max-image-preview:large, max-video-preview:-1\" \/>\n<link rel=\"canonical\" href=\"https:\/\/foradcamp.com\/es\/edicion-2014\/\" \/>\n<meta property=\"og:locale\" content=\"es_ES\" \/>\n<meta property=\"og:type\" content=\"article\" \/>\n<meta property=\"og:title\" content=\"Edici\u00f3n 2014 - Muestra Foradcamp\" \/>\n<meta property=\"og:description\" content=\"En 2014, a pesar de la reducci\u00f3n de los fondos p\u00fablicos y privados destinados a cultura, Foradcamp celebr\u00f3 su tercera edici\u00f3n continuando la apuesta por la proyecci\u00f3n de un cine personal y de esp\u00edritu innovador. A diferencia de a\u00f1os anteriores, no hubo muestra competitiva, y se program\u00f3 una secci\u00f3n Foradcamp Off, con la proyecci\u00f3n de&hellip;Read more Edici\u00f3n 2014\" \/>\n<meta property=\"og:url\" content=\"https:\/\/foradcamp.com\/es\/edicion-2014\/\" \/>\n<meta property=\"og:site_name\" content=\"Muestra Foradcamp\" \/>\n<meta property=\"article:modified_time\" content=\"2021-03-19T10:11:10+00:00\" \/>\n<meta property=\"og:image\" content=\"https:\/\/festivalforadcamp.files.wordpress.com\/2015\/03\/dsc_0068.jpg?w=300\" \/>\n<meta name=\"twitter:card\" content=\"summary_large_image\" \/>\n<meta name=\"twitter:label1\" content=\"Tiempo de lectura\" \/>\n\t<meta name=\"twitter:data1\" content=\"1 minuto\" \/>\n<script type=\"application\/ld+json\" class=\"yoast-schema-graph\">{\"@context\":\"https:\/\/schema.org\",\"@graph\":[{\"@type\":\"WebPage\",\"@id\":\"https:\/\/foradcamp.com\/es\/edicion-2014\/\",\"url\":\"https:\/\/foradcamp.com\/es\/edicion-2014\/\",\"name\":\"Edici\u00f3n 2014 - Muestra Foradcamp\",\"isPartOf\":{\"@id\":\"https:\/\/foradcamp.com\/es\/#website\"},\"primaryImageOfPage\":{\"@id\":\"https:\/\/foradcamp.com\/es\/edicion-2014\/#primaryimage\"},\"image\":{\"@id\":\"https:\/\/foradcamp.com\/es\/edicion-2014\/#primaryimage\"},\"thumbnailUrl\":\"https:\/\/festivalforadcamp.files.wordpress.com\/2015\/03\/dsc_0068.jpg?w=300\",\"datePublished\":\"2015-03-31T15:31:42+00:00\",\"dateModified\":\"2021-03-19T10:11:10+00:00\",\"breadcrumb\":{\"@id\":\"https:\/\/foradcamp.com\/es\/edicion-2014\/#breadcrumb\"},\"inLanguage\":\"es\",\"potentialAction\":[{\"@type\":\"ReadAction\",\"target\":[\"https:\/\/foradcamp.com\/es\/edicion-2014\/\"]}]},{\"@type\":\"ImageObject\",\"inLanguage\":\"es\",\"@id\":\"https:\/\/foradcamp.com\/es\/edicion-2014\/#primaryimage\",\"url\":\"https:\/\/festivalforadcamp.files.wordpress.com\/2015\/03\/dsc_0068.jpg?w=300\",\"contentUrl\":\"https:\/\/festivalforadcamp.files.wordpress.com\/2015\/03\/dsc_0068.jpg?w=300\"},{\"@type\":\"BreadcrumbList\",\"@id\":\"https:\/\/foradcamp.com\/es\/edicion-2014\/#breadcrumb\",\"itemListElement\":[{\"@type\":\"ListItem\",\"position\":1,\"name\":\"Portada\",\"item\":\"https:\/\/foradcamp.com\/es\/\"},{\"@type\":\"ListItem\",\"position\":2,\"name\":\"Edici\u00f3n 2014\"}]},{\"@type\":\"WebSite\",\"@id\":\"https:\/\/foradcamp.com\/es\/#website\",\"url\":\"https:\/\/foradcamp.com\/es\/\",\"name\":\"Muestra Foradcamp\",\"description\":\"Muestra de Cine y Naturaleza\",\"potentialAction\":[{\"@type\":\"SearchAction\",\"target\":{\"@type\":\"EntryPoint\",\"urlTemplate\":\"https:\/\/foradcamp.com\/es\/?s={search_term_string}\"},\"query-input\":{\"@type\":\"PropertyValueSpecification\",\"valueRequired\":true,\"valueName\":\"search_term_string\"}}],\"inLanguage\":\"es\"}]}<\/script>\n<!-- \/ Yoast SEO plugin. -->","yoast_head_json":{"title":"Edici\u00f3n 2014 - Muestra Foradcamp","robots":{"index":"index","follow":"follow","max-snippet":"max-snippet:-1","max-image-preview":"max-image-preview:large","max-video-preview":"max-video-preview:-1"},"canonical":"https:\/\/foradcamp.com\/es\/edicion-2014\/","og_locale":"es_ES","og_type":"article","og_title":"Edici\u00f3n 2014 - Muestra Foradcamp","og_description":"En 2014, a pesar de la reducci\u00f3n de los fondos p\u00fablicos y privados destinados a cultura, Foradcamp celebr\u00f3 su tercera edici\u00f3n continuando la apuesta por la proyecci\u00f3n de un cine personal y de esp\u00edritu innovador. A diferencia de a\u00f1os anteriores, no hubo muestra competitiva, y se program\u00f3 una secci\u00f3n Foradcamp Off, con la proyecci\u00f3n de&hellip;Read more Edici\u00f3n 2014","og_url":"https:\/\/foradcamp.com\/es\/edicion-2014\/","og_site_name":"Muestra Foradcamp","article_modified_time":"2021-03-19T10:11:10+00:00","og_image":[{"url":"https:\/\/festivalforadcamp.files.wordpress.com\/2015\/03\/dsc_0068.jpg?w=300"}],"twitter_card":"summary_large_image","twitter_misc":{"Tiempo de lectura":"1 minuto"},"schema":{"@context":"https:\/\/schema.org","@graph":[{"@type":"WebPage","@id":"https:\/\/foradcamp.com\/es\/edicion-2014\/","url":"https:\/\/foradcamp.com\/es\/edicion-2014\/","name":"Edici\u00f3n 2014 - Muestra Foradcamp","isPartOf":{"@id":"https:\/\/foradcamp.com\/es\/#website"},"primaryImageOfPage":{"@id":"https:\/\/foradcamp.com\/es\/edicion-2014\/#primaryimage"},"image":{"@id":"https:\/\/foradcamp.com\/es\/edicion-2014\/#primaryimage"},"thumbnailUrl":"https:\/\/festivalforadcamp.files.wordpress.com\/2015\/03\/dsc_0068.jpg?w=300","datePublished":"2015-03-31T15:31:42+00:00","dateModified":"2021-03-19T10:11:10+00:00","breadcrumb":{"@id":"https:\/\/foradcamp.com\/es\/edicion-2014\/#breadcrumb"},"inLanguage":"es","potentialAction":[{"@type":"ReadAction","target":["https:\/\/foradcamp.com\/es\/edicion-2014\/"]}]},{"@type":"ImageObject","inLanguage":"es","@id":"https:\/\/foradcamp.com\/es\/edicion-2014\/#primaryimage","url":"https:\/\/festivalforadcamp.files.wordpress.com\/2015\/03\/dsc_0068.jpg?w=300","contentUrl":"https:\/\/festivalforadcamp.files.wordpress.com\/2015\/03\/dsc_0068.jpg?w=300"},{"@type":"BreadcrumbList","@id":"https:\/\/foradcamp.com\/es\/edicion-2014\/#breadcrumb","itemListElement":[{"@type":"ListItem","position":1,"name":"Portada","item":"https:\/\/foradcamp.com\/es\/"},{"@type":"ListItem","position":2,"name":"Edici\u00f3n 2014"}]},{"@type":"WebSite","@id":"https:\/\/foradcamp.com\/es\/#website","url":"https:\/\/foradcamp.com\/es\/","name":"Muestra Foradcamp","description":"Muestra de Cine y Naturaleza","potentialAction":[{"@type":"SearchAction","target":{"@type":"EntryPoint","urlTemplate":"https:\/\/foradcamp.com\/es\/?s={search_term_string}"},"query-input":{"@type":"PropertyValueSpecification","valueRequired":true,"valueName":"search_term_string"}}],"inLanguage":"es"}]}},"_links":{"self":[{"href":"https:\/\/foradcamp.com\/es\/wp-json\/wp\/v2\/pages\/92","targetHints":{"allow":["GET"]}}],"collection":[{"href":"https:\/\/foradcamp.com\/es\/wp-json\/wp\/v2\/pages"}],"about":[{"href":"https:\/\/foradcamp.com\/es\/wp-json\/wp\/v2\/types\/page"}],"author":[{"embeddable":true,"href":"https:\/\/foradcamp.com\/es\/wp-json\/wp\/v2\/users\/1"}],"replies":[{"embeddable":true,"href":"https:\/\/foradcamp.com\/es\/wp-json\/wp\/v2\/comments?post=92"}],"version-history":[{"count":1,"href":"https:\/\/foradcamp.com\/es\/wp-json\/wp\/v2\/pages\/92\/revisions"}],"predecessor-version":[{"id":2951,"href":"https:\/\/foradcamp.com\/es\/wp-json\/wp\/v2\/pages\/92\/revisions\/2951"}],"wp:attachment":[{"href":"https:\/\/foradcamp.com\/es\/wp-json\/wp\/v2\/media?parent=92"}],"curies":[{"name":"wp","href":"https:\/\/api.w.org\/{rel}","templated":true}]}}